{"id":13363,"date":"2020-02-20T01:00:33","date_gmt":"2020-02-20T01:00:33","guid":{"rendered":"http:\/\/ninzio.com\/agrikole\/?page_id=13363"},"modified":"2026-01-20T15:33:09","modified_gmt":"2026-01-20T15:33:09","slug":"home-02","status":"publish","type":"page","link":"https:\/\/alteracoesclimaticas.ajap.pt\/","title":{"rendered":"IN\u00cdCIO"},"content":{"rendered":"<div class=\"wpb-content-wrapper\"><p>[vc_row][vc_column]\n\t\t\t<!-- START Slider 01 REVOLUTION SLIDER 6.7.34 --><p class=\"rs-p-wp-fix\"><\/p>\n\t\t\t<rs-module-wrap id=\"rev_slider_1_1_wrapper\" data-source=\"gallery\" style=\"visibility:hidden;background:transparent;padding:0;margin:0px auto;margin-top:0;margin-bottom:0;\">\n\t\t\t\t<rs-module id=\"rev_slider_1_1\" style=\"\" data-version=\"6.7.34\">\n\t\t\t\t\t<rs-slides style=\"overflow: hidden; position: absolute;\">\n\t\t\t\t\t\t<rs-slide style=\"position: absolute;\" data-key=\"rs-1\" data-title=\"Slide\" data-thumb=\"\/\/alteracoesclimaticas.ajap.pt\/wp-content\/uploads\/2021\/11\/slide6-1-50x100.jpg\" data-anim=\"f:random;\" data-in=\"o:0;r:ran(-45|45);sx:0;sy:0;row:5;col:5;\" data-out=\"a:false;\">\n\t\t\t\t\t\t\t<img decoding=\"async\" src=\"\/\/alteracoesclimaticas.ajap.pt\/wp-content\/plugins\/revslider\/sr6\/assets\/assets\/dummy.png\" alt=\"\" title=\"slide6\" width=\"1170\" height=\"780\" class=\"rev-slidebg tp-rs-img rs-lazyload\" data-lazyload=\"\/\/alteracoesclimaticas.ajap.pt\/wp-content\/uploads\/2021\/11\/slide6-1.jpg\" data-parallax=\"off\" data-no-retina>\n<!--\n\t\t\t\t\t\t\t--><rs-layer\n\t\t\t\t\t\t\t\tid=\"slider-1-slide-1-layer-0\" \n\t\t\t\t\t\t\t\tclass=\"heading-font\"\n\t\t\t\t\t\t\t\tdata-type=\"text\"\n\t\t\t\t\t\t\t\tdata-color=\"#154911\"\n\t\t\t\t\t\t\t\tdata-rsp_ch=\"on\"\n\t\t\t\t\t\t\t\tdata-xy=\"xo:34px,43px,75px,19px;y:m;yo:-103px,-125px,-240px,-213px;\"\n\t\t\t\t\t\t\t\tdata-text=\"w:normal;s:55,60,50,35;l:60,60,50,35;fw:700;\"\n\t\t\t\t\t\t\t\tdata-dim=\"h:182px,159px,120px,74px;\"\n\t\t\t\t\t\t\t\tdata-frame_0=\"y:50,43,32,19;\"\n\t\t\t\t\t\t\t\tdata-frame_1=\"st:1100;sp:1000;sR:1100;\"\n\t\t\t\t\t\t\t\tdata-frame_999=\"o:0;st:w;sp:800;sR:6900;\"\n\t\t\t\t\t\t\t\tstyle=\"z-index:9;font-family:'Amatic SC';\"\n\t\t\t\t\t\t\t>ALTERA\u00c7\u00d5ES CLIM\u00c1TICAS NO MUNDO RURAL <br \/>\nImpactos e Medidas de Adapta\u00e7\u00e3o e Mitiga\u00e7\u00e3o <br \/>\n \n\t\t\t\t\t\t\t<\/rs-layer><!--\n-->\t\t\t\t\t<\/rs-slide>\n\t\t\t\t\t\t<rs-slide style=\"position: absolute;\" data-key=\"rs-2\" data-title=\"Slide\" data-thumb=\"\/\/alteracoesclimaticas.ajap.pt\/wp-content\/uploads\/2021\/11\/SLIDER-10-50x100.jpg\" data-anim=\"f:random;\" data-in=\"o:0;r:ran(-45|45);sx:0;sy:0;row:5;col:5;\" data-out=\"a:false;\">\n\t\t\t\t\t\t\t<img decoding=\"async\" src=\"\/\/alteracoesclimaticas.ajap.pt\/wp-content\/plugins\/revslider\/sr6\/assets\/assets\/dummy.png\" alt=\"\" title=\"SLIDER-10\" width=\"1170\" height=\"780\" class=\"rev-slidebg tp-rs-img rs-lazyload\" data-lazyload=\"\/\/alteracoesclimaticas.ajap.pt\/wp-content\/uploads\/2021\/11\/SLIDER-10.jpg\" data-parallax=\"off\" data-no-retina>\n<!--\n\t\t\t\t\t\t\t--><rs-layer\n\t\t\t\t\t\t\t\tid=\"slider-1-slide-2-layer-4\" \n\t\t\t\t\t\t\t\tdata-type=\"text\"\n\t\t\t\t\t\t\t\tdata-rsp_ch=\"on\"\n\t\t\t\t\t\t\t\tdata-xy=\"xo:640px,577px,423px,271px;yo:515px,512px,693px,650px;\"\n\t\t\t\t\t\t\t\tdata-text=\"w:normal;s:30,30,27,20;l:30,26,19,16;fw:700;\"\n\t\t\t\t\t\t\t\tdata-dim=\"w:408.125px,439px,354px,218px;\"\n\t\t\t\t\t\t\t\tdata-frame_999=\"o:0;st:w;\"\n\t\t\t\t\t\t\t\tstyle=\"z-index:9;font-family:'Amatic SC';\"\n\t\t\t\t\t\t\t>impactos e medidas de adapta\u00e7\u00e3o e mitiga\u00e7\u00e3o \n\t\t\t\t\t\t\t<\/rs-layer><!--\n\n\t\t\t\t\t\t\t--><rs-layer\n\t\t\t\t\t\t\t\tid=\"slider-1-slide-2-layer-7\" \n\t\t\t\t\t\t\t\tdata-type=\"text\"\n\t\t\t\t\t\t\t\tdata-rsp_ch=\"on\"\n\t\t\t\t\t\t\t\tdata-xy=\"xo:121px,117px,14px,21px;yo:509px,509px,684px,616px;\"\n\t\t\t\t\t\t\t\tdata-text=\"w:normal;s:40,35,35,35;l:35,30,30,20;fw:400,400,700,700;a:right;\"\n\t\t\t\t\t\t\t\tdata-frame_999=\"o:0;st:w;\"\n\t\t\t\t\t\t\t\tstyle=\"z-index:8;font-family:'Amatic SC';\"\n\t\t\t\t\t\t\t>ALTERA\u00c7\u00d5ES CLIM\u00c1TICAS NO MUNDO RURAL <br \/>\n<br \/>\n \n\t\t\t\t\t\t\t<\/rs-layer><!--\n-->\t\t\t\t\t<\/rs-slide>\n\t\t\t\t\t\t<rs-slide style=\"position: absolute;\" data-key=\"rs-3\" data-title=\"Slide\" data-thumb=\"\/\/alteracoesclimaticas.ajap.pt\/wp-content\/uploads\/2021\/11\/SLIDER-11-50x100.jpg\" data-anim=\"f:random;\" data-in=\"o:0;r:ran(-45|45);sx:0;sy:0;row:5;col:5;\" data-out=\"a:false;\">\n\t\t\t\t\t\t\t<img decoding=\"async\" src=\"\/\/alteracoesclimaticas.ajap.pt\/wp-content\/plugins\/revslider\/sr6\/assets\/assets\/dummy.png\" alt=\"\" title=\"SLIDER-11\" width=\"1170\" height=\"780\" class=\"rev-slidebg tp-rs-img rs-lazyload\" data-lazyload=\"\/\/alteracoesclimaticas.ajap.pt\/wp-content\/uploads\/2021\/11\/SLIDER-11.jpg\" data-parallax=\"off\" data-no-retina>\n<!--\n\t\t\t\t\t\t\t--><rs-layer\n\t\t\t\t\t\t\t\tid=\"slider-1-slide-3-layer-8\" \n\t\t\t\t\t\t\t\tdata-type=\"text\"\n\t\t\t\t\t\t\t\tdata-rsp_ch=\"on\"\n\t\t\t\t\t\t\t\tdata-xy=\"xo:319px,279px,160px,10px;yo:273px,238px,364px,325px;\"\n\t\t\t\t\t\t\t\tdata-text=\"w:normal;s:40,35,35,35;l:25,21,20,20;fw:700;a:right;\"\n\t\t\t\t\t\t\t\tdata-frame_999=\"o:0;st:w;\"\n\t\t\t\t\t\t\t\tstyle=\"z-index:8;font-family:'Amatic SC';\"\n\t\t\t\t\t\t\t>ALTERA\u00c7\u00d5ES CLIM\u00c1TICAS<br \/>\n<BR\/>NO MUNDO RURAL \n\t\t\t\t\t\t\t<\/rs-layer><!--\n\n\t\t\t\t\t\t\t--><rs-layer\n\t\t\t\t\t\t\t\tid=\"slider-1-slide-3-layer-9\" \n\t\t\t\t\t\t\t\tdata-type=\"text\"\n\t\t\t\t\t\t\t\tdata-rsp_ch=\"on\"\n\t\t\t\t\t\t\t\tdata-xy=\"xo:592px,521px,401px,252px;yo:282px,242px,373px,341px;\"\n\t\t\t\t\t\t\t\tdata-text=\"w:normal;s:37,32,28,25;l:37,32,28,25;fw:700;\"\n\t\t\t\t\t\t\t\tdata-dim=\"w:408.125px,357px,348px,214px;\"\n\t\t\t\t\t\t\t\tdata-frame_999=\"o:0;st:w;\"\n\t\t\t\t\t\t\t\tstyle=\"z-index:9;font-family:'Amatic SC';\"\n\t\t\t\t\t\t\t>impactos e medidas<br \/>\nde adapta\u00e7\u00e3o e mitiga\u00e7\u00e3o \n\t\t\t\t\t\t\t<\/rs-layer><!--\n-->\t\t\t\t\t<\/rs-slide>\n\t\t\t\t\t<\/rs-slides>\n\t\t\t\t<\/rs-module>\n\t\t\t\t<script>\n\t\t\t\t\tsetREVStartSize({c: 'rev_slider_1_1',rl:[1240,1024,778,480],el:[580,568,760,720],gw:[1170,1024,778,480],gh:[580,568,760,720],type:'standard',justify:'',layout:'fullwidth',mh:\"0\"});if (window.RS_MODULES!==undefined && window.RS_MODULES.modules!==undefined && window.RS_MODULES.modules[\"revslider11\"]!==undefined) {window.RS_MODULES.modules[\"revslider11\"].once = false;window.revapi1 = undefined;if (window.RS_MODULES.checkMinimal!==undefined) window.RS_MODULES.checkMinimal()}\n\t\t\t\t<\/script>\n\t\t\t<\/rs-module-wrap>\n\t\t\t<!-- END REVOLUTION SLIDER -->\n[\/vc_column][\/vc_row][vc_row full_width=&#8221;stretch_row&#8221; css=&#8221;.vc_custom_1636642401942{background-color: #f07c01 !important;}&#8221;][vc_column]\r\n\t<div class=\"agrikole-spacer clearfix\" data-desktop=\"110\" data-mobi=\"60\" data-smobi=\"60\"><\/div>[vc_row_inner][vc_column_inner width=&#8221;5\/12&#8243;]<div class=\"agrikole-headings clearfix \" data-font=50 style=\"\"><h2 class=\"heading clearfix \" style=\"color:#ffffff;line-height:58px;font-size:50px;\">\r\n\t\tALTERA\u00c7\u00d5ES CLIM\u00c1TICAS<br \/>\nNO MUNDO RURAL\r\n\t<\/h2><\/div>[\/vc_column_inner][vc_column_inner width=&#8221;7\/12&#8243;][vc_column_text]<span style=\"color: #ffffff;\">A agricultura e a floresta t\u00eam vindo a ser gravemente afetadas pelas altera\u00e7\u00f5es clim\u00e1ticas que se t\u00eam verificado nas \u00faltimas d\u00e9cadas, especialmente pela ocorr\u00eancia de secas e outros eventos extremos, projetando-se at\u00e9 final do s\u00e9culo XXI o agravamento das tend\u00eancias observadas, tendo em conta condi\u00e7\u00f5es progressivamente mais desfavor\u00e1veis para a atividade agr\u00edcola e florestal, decorrentes da redu\u00e7\u00e3o da precipita\u00e7\u00e3o e aumento da temperatura, do agravamento da frequ\u00eancia e intensidade dos eventos clim\u00e1ticos extremos e do aumento da suscetibilidade \u00e0 desertifica\u00e7\u00e3o.<br \/>\n<\/span><\/p>\n<h1><span style=\"color: #ffffff;\">\u00c9 URGENTE CONHECER E ATUAR<\/span><\/h1>\n<p>[\/vc_column_text][\/vc_column_inner][\/vc_row_inner]\r\n\t<div class=\"agrikole-spacer clearfix\" data-desktop=\"40\" data-mobi=\"40\" data-smobi=\"40\"><\/div>[\/vc_column][\/vc_row][vc_row full_width=&#8221;stretch_row&#8221; css=&#8221;.vc_custom_1582081292975{background-image: url(http:\/\/ninzio.com\/agrikole\/wp-content\/uploads\/2020\/02\/section-bg2.png?id=13329) !important;background-position: center !important;background-repeat: no-repeat !important;background-size: cover !important;}&#8221; el_class=&#8221;overflow-visible&#8221;][vc_column]\r\n\t<div class=\"agrikole-spacer clearfix\" data-desktop=\"112\" data-mobi=\"60\" data-smobi=\"60\"><\/div><div class=\"agrikole-headings clearfix text-center\" data-font=70 data-mfont=60 style=\"\"><div class=\"pre-heading clearfix\" style=\"font-weight:600;color:#c5c9c4;font-size:14px;letter-spacing:3px;\">\r\n\t\tV\u00cdDEOS\r\n\t<\/div><h2 class=\"heading clearfix \" style=\"color:#ffffff;line-height:70px;font-size:70px;\">\r\n\t\tMEDIDAS DE ADAPTA\u00c7\u00c3O \/ MEDIDAS DE MITIGA\u00c7\u00c3O\r\n\t<\/h2><div class=\"sep clearfix\" style=\"margin:5px 0 0;\">\r\n\t\t\t\t<img decoding=\"async\" alt=\"image\" src=\"https:\/\/alteracoesclimaticas.ajap.pt\/wp-content\/uploads\/2020\/01\/separator.png\">\r\n\t\t\t<\/div><\/div>\r\n\t<div class=\"agrikole-spacer clearfix\" data-desktop=\"396\" data-mobi=\"396\" data-smobi=\"396\"><\/div>[\/vc_column][\/vc_row][vc_row][vc_column][vc_row_inner][vc_column_inner width=&#8221;1\/2&#8243;]<div class=\"agrikole-content-box clearfix \" data-padding=\"\" data-mobipadding=\"\" data-margin=\"-340px 0px 0px 0px\" data-mobimargin=\"-340px 0px 0px 0px\" >\r\n\t\t<div class=\"inner ctb-528467727\" style=\"\"  data-background=\"\" data-border-style=\"solid\" data-border-style-hover=\"solid\">\r\n\t\t\t[vc_video link=&#8221;https:\/\/www.youtube.com\/watch?v=GOxbUBkdQ_I&#8221;]\r\n\t\t<\/div>\r\n\t<\/div>\r\n\t<div class=\"agrikole-spacer clearfix\" data-desktop=\"0\" data-mobi=\"0\" data-smobi=\"375\"><\/div>[\/vc_column_inner][vc_column_inner width=&#8221;1\/2&#8243;]<div class=\"agrikole-content-box clearfix \" data-padding=\"\" data-mobipadding=\"\" data-margin=\"-340px 0px 0px 0px\" data-mobimargin=\"-340px 0px 0px 0px\" >\r\n\t\t<div class=\"inner ctb-1598731135\" style=\"\"  data-background=\"\" data-border-style=\"solid\" data-border-style-hover=\"solid\">\r\n\t\t\t[vc_video link=&#8221;https:\/\/youtu.be\/-WmVjXteNKE&#8221;]\r\n\t\t<\/div>\r\n\t<\/div>[\/vc_column_inner][\/vc_row_inner][\/vc_column][\/vc_row][vc_row row_content_position=&#8221;middle&#8221; css=&#8221;.vc_custom_1636643843255{padding-top: 5% !important;}&#8221;][vc_column width=&#8221;1\/4&#8243;][\/vc_column][vc_column width=&#8221;1\/2&#8243;][vc_single_image image=&#8221;14647&#8243;][\/vc_column][vc_column width=&#8221;1\/4&#8243;][\/vc_column][\/vc_row]<\/p>\n<\/div>","protected":false},"excerpt":{"rendered":"<p>[vc_row][vc_column][\/vc_column][\/vc_row][vc_row full_width=&#8221;stretch_row&#8221; css=&#8221;.vc_custom_1636642401942{background-color: #f07c01 !important;}&#8221;][vc_column][vc_row_inner][vc_column_inner width=&#8221;5\/12&#8243;][\/vc_column_inner][vc_column_inner width=&#8221;7\/12&#8243;][vc_column_text]A agricultura e a floresta t\u00eam vindo a ser gravemente afetadas pelas altera\u00e7\u00f5es clim\u00e1ticas que se t\u00eam verificado nas \u00faltimas d\u00e9cadas, especialmente pela ocorr\u00eancia de secas e outros eventos extremos, projetando-se at\u00e9 final do s\u00e9culo XXI o agravamento das tend\u00eancias observadas, tendo em conta<\/p>\n","protected":false},"author":1,"featured_media":0,"parent":0,"menu_order":0,"comment_status":"closed","ping_status":"closed","template":"","meta":{"footnotes":""},"class_list":["post-13363","page","type-page","status-publish","hentry"],"_links":{"self":[{"href":"https:\/\/alteracoesclimaticas.ajap.pt\/index.php?rest_route=\/wp\/v2\/pages\/13363","targetHints":{"allow":["GET"]}}],"collection":[{"href":"https:\/\/alteracoesclimaticas.ajap.pt\/index.php?rest_route=\/wp\/v2\/pages"}],"about":[{"href":"https:\/\/alteracoesclimaticas.ajap.pt\/index.php?rest_route=\/wp\/v2\/types\/page"}],"author":[{"embeddable":true,"href":"https:\/\/alteracoesclimaticas.ajap.pt\/index.php?rest_route=\/wp\/v2\/users\/1"}],"replies":[{"embeddable":true,"href":"https:\/\/alteracoesclimaticas.ajap.pt\/index.php?rest_route=%2Fwp%2Fv2%2Fcomments&post=13363"}],"version-history":[{"count":34,"href":"https:\/\/alteracoesclimaticas.ajap.pt\/index.php?rest_route=\/wp\/v2\/pages\/13363\/revisions"}],"predecessor-version":[{"id":15407,"href":"https:\/\/alteracoesclimaticas.ajap.pt\/index.php?rest_route=\/wp\/v2\/pages\/13363\/revisions\/15407"}],"wp:attachment":[{"href":"https:\/\/alteracoesclimaticas.ajap.pt\/index.php?rest_route=%2Fwp%2Fv2%2Fmedia&parent=13363"}],"curies":[{"name":"wp","href":"https:\/\/api.w.org\/{rel}","templated":true}]}}